{"id":2445,"date":"2023-01-24T10:11:13","date_gmt":"2023-01-24T10:11:13","guid":{"rendered":"https:\/\/hardysindustries.eu\/travailler-chez-hardys-industries\/"},"modified":"2024-02-12T13:48:53","modified_gmt":"2024-02-12T13:48:53","slug":"travailler-chez-hardys-industries","status":"publish","type":"page","link":"https:\/\/hardysindustries.eu\/fr\/travailler-chez-hardys-industries\/","title":{"rendered":"Travailler chez Hardy&rsquo;s Industries"},"content":{"rendered":"\n<div class=\"has-margin-none wp-block-group alignwide\" id=\"vacancies\"><div class=\"wp-block-group__inner-container is-layout-flow wp-block-group-is-layout-flow\"><div\n    class=\"wp-blocks-block  alignwide\"\n>\n    <div class=\"mb-44\">\n        <div class=\"is-style-heading-underlined mb-12\">\n                            <h2>Offres d\u2019emploi<\/h2>\n                    <\/div>\n\n                    <div class=\"grid lg:grid-cols-2 gap-44 lg:gap-y-44 lg:gap-x-24 w-full \">\n                                    <div class=\"min-h-96 relative bg-secondary-100\">\n                                                    <a href=\"https:\/\/hardysindustries.eu\/fr\/job\/offre-demploi-chef-dequipe\/\">\n                                                                <img decoding=\"async\"\n            src=\"https:\/\/hardysindustries.eu\/uploads\/2023\/02\/vacature-ploegbaas-1024x682.jpg\" alt=\"vacature ploegbaas\" srcset=\"https:\/\/hardysindustries.eu\/uploads\/2023\/02\/vacature-ploegbaas-300x200.jpg 300w, https:\/\/hardysindustries.eu\/uploads\/2023\/02\/vacature-ploegbaas-1024x682.jpg 1024w, https:\/\/hardysindustries.eu\/uploads\/2023\/02\/vacature-ploegbaas-768x512.jpg 768w, https:\/\/hardysindustries.eu\/uploads\/2023\/02\/vacature-ploegbaas-1536x1024.jpg 1536w, https:\/\/hardysindustries.eu\/uploads\/2023\/02\/vacature-ploegbaas.jpg 2000w\" width=\"1024\" height=\"682\" loading=\"lazy\" class=\"object-cover !h-96\"\n        >\n\n        \n        \n        \n        \n\n                                                            <\/a>\n                                                <div class=\"absolute -bottom-16 sm:-bottom-24 min-h-32 p-4 sm:p-8 bg-primary-100 border-b-2 border-primary-500 flex flex-col gap-2 sm:w-3\/5 lg:w-full xl:w-3\/5\">\n                                                            <div class=\"text-xl lg:text-2xl font-bold normal-case\">\n                                    Poste vacant: Chef d&#039;\u00e9quipe\n                                <\/div>\n                                                                                                                    <a class=\"flex border-b border-primary-500 w-fit pb-1 group mt-2\" href=\"https:\/\/hardysindustries.eu\/fr\/job\/offre-demploi-chef-dequipe\/\">\n                                    <span class=\"font-bold\">Postuler<\/span>\n                                    <span class=\"text-primary-500 ml-4 transition-transform duration-200 group-hover:translate-x-1\">\n                                        <svg xmlns=\"http:\/\/www.w3.org\/2000\/svg\" viewBox=\"0 0 448 512\" class=\"svg-inline--fa  far fa-long-arrow-right\" role=\"img\" aria-hidden=\"true\" style=\"color:currentColor\"><!-- Font Awesome Pro 5.15.3 by @fontawesome - https:\/\/fontawesome.com License - https:\/\/fontawesome.com\/license (Commercial License) --><path d=\"M295.515 115.716l-19.626 19.626c-4.753 4.753-4.675 12.484.173 17.14L356.78 230H12c-6.627 0-12 5.373-12 12v28c0 6.627 5.373 12 12 12h344.78l-80.717 77.518c-4.849 4.656-4.927 12.387-.173 17.14l19.626 19.626c4.686 4.686 12.284 4.686 16.971 0l131.799-131.799c4.686-4.686 4.686-12.284 0-16.971L312.485 115.716c-4.686-4.686-12.284-4.686-16.97 0z\" fill=\"currentColor\"><\/path><\/svg>\n                                    <\/span>\n                                <\/a>\n                                                    <\/div>\n                    <\/div>\n                                    <div class=\"min-h-96 relative bg-secondary-100\">\n                                                    <a href=\"https:\/\/hardysindustries.eu\/fr\/job\/poste-vacant-monteur\/\">\n                                                                <img decoding=\"async\"\n            src=\"https:\/\/hardysindustries.eu\/uploads\/2023\/02\/vacature-monteur-4-1024x848.jpg\" alt=\"vacature monteur\" srcset=\"https:\/\/hardysindustries.eu\/uploads\/2023\/02\/vacature-monteur-4-300x248.jpg 300w, https:\/\/hardysindustries.eu\/uploads\/2023\/02\/vacature-monteur-4-1024x848.jpg 1024w, https:\/\/hardysindustries.eu\/uploads\/2023\/02\/vacature-monteur-4-768x636.jpg 768w, https:\/\/hardysindustries.eu\/uploads\/2023\/02\/vacature-monteur-4.jpg 1500w\" width=\"1024\" height=\"848\" loading=\"lazy\" class=\"object-cover !h-96\"\n        >\n\n        \n        \n        \n        \n\n                                                            <\/a>\n                                                <div class=\"absolute -bottom-16 sm:-bottom-24 min-h-32 p-4 sm:p-8 bg-primary-100 border-b-2 border-primary-500 flex flex-col gap-2 sm:w-3\/5 lg:w-full xl:w-3\/5\">\n                                                            <div class=\"text-xl lg:text-2xl font-bold normal-case\">\n                                    Poste Vacant: Monteur\n                                <\/div>\n                                                                                                                    <a class=\"flex border-b border-primary-500 w-fit pb-1 group mt-2\" href=\"https:\/\/hardysindustries.eu\/fr\/job\/poste-vacant-monteur\/\">\n                                    <span class=\"font-bold\">Postuler<\/span>\n                                    <span class=\"text-primary-500 ml-4 transition-transform duration-200 group-hover:translate-x-1\">\n                                        <svg xmlns=\"http:\/\/www.w3.org\/2000\/svg\" viewBox=\"0 0 448 512\" class=\"svg-inline--fa  far fa-long-arrow-right\" role=\"img\" aria-hidden=\"true\" style=\"color:currentColor\"><!-- Font Awesome Pro 5.15.3 by @fontawesome - https:\/\/fontawesome.com License - https:\/\/fontawesome.com\/license (Commercial License) --><path d=\"M295.515 115.716l-19.626 19.626c-4.753 4.753-4.675 12.484.173 17.14L356.78 230H12c-6.627 0-12 5.373-12 12v28c0 6.627 5.373 12 12 12h344.78l-80.717 77.518c-4.849 4.656-4.927 12.387-.173 17.14l19.626 19.626c4.686 4.686 12.284 4.686 16.971 0l131.799-131.799c4.686-4.686 4.686-12.284 0-16.971L312.485 115.716c-4.686-4.686-12.284-4.686-16.97 0z\" fill=\"currentColor\"><\/path><\/svg>\n                                    <\/span>\n                                <\/a>\n                                                    <\/div>\n                    <\/div>\n                            <\/div>\n            <\/div>\n    <div class=\"text-center\">\n        <div class=\"my-12\">\n        \n    <\/div>\n\n    <\/div>\n<\/div>\n<\/div><\/div>\n\n\n\n<div class=\"has-margin-small wp-block-columns is-layout-flex wp-container-core-columns-is-layout-1 wp-block-columns-is-layout-flex\">\n<div class=\"wp-block-column is-layout-flow wp-block-column-is-layout-flow\"><div class='wp-block-text-container  has-margin-none'>\n<h5 class=\"has-margin-none wp-block-heading\">Notre collaboration r\u00e9ussie avec le centre de formation ASSIFEP et l\u2019Agence d\u2019int\u00e9rim Groupe Morgan Services<\/h5>\n<\/div><\/div>\n\n\n\n<div class=\"wp-block-column is-layout-flow wp-block-column-is-layout-flow\"><div x-data x-cloak>\n            <div x-show='!$store.checkCookiesBeforeRendering.marketingCookiesAccepted'>\n                <p>Ce contenu est bloqu\u00e9. Veuillez accepter les cookies pour voir ce contenu.<\/p>\n                <button data-cc='accept-all' class='underline'>Accepter les cookies<\/button>\n            <\/div>\n            <div x-show='$store.checkCookiesBeforeRendering.marketingCookiesAccepted'>\n<figure class=\"has-margin-none wp-block-embed is-type-video is-provider-youtube wp-block-embed-youtube wp-embed-aspect-16-9 wp-has-aspect-ratio\"><div class=\"wp-block-embed__wrapper\">\n<iframe loading=\"lazy\" title=\"Une Collaboration Remarquable avec Groupe Morgan et l&#039;Organisme de Formation ASSIFEP!\" width=\"500\" height=\"281\" src=\"https:\/\/www.youtube.com\/embed\/UwmzHpLMYLg?feature=oembed\" frameborder=\"0\" allow=\"accelerometer; autoplay; clipboard-write; encrypted-media; gyroscope; picture-in-picture; web-share\" referrerpolicy=\"strict-origin-when-cross-origin\" allowfullscreen><\/iframe>\n<\/div><\/figure>\n<\/div>\n        <\/div><\/div>\n<\/div>\n\n\n\n<p>L&rsquo;assemblage d&rsquo;\u00e9quipements de rayonnage est un travail qui demande des <strong>comp\u00e9tences sp\u00e9cifiques<\/strong>. En France, nous avons travaill\u00e9 en \u00e9troite collaboration avec l&rsquo;<a href=\"https:\/\/assifep.com\/\" target=\"_blank\" rel=\"noreferrer noopener\">ASSIFEP<\/a> et <a href=\"https:\/\/www.groupe-morgan-services.fr\/\" target=\"_blank\" rel=\"noreferrer noopener\">Groupe Morgan Services<\/a> pour atteindre des objectifs communs et cr\u00e9er des opportunit\u00e9s de croissance tant pour notre \u00e9quipe que pour nos partenaires. Quelques semaines de formation suffisent pour d\u00e9crocher un contrat \u00e0 dur\u00e9e ind\u00e9termin\u00e9e ! Dans notre derni\u00e8re vid\u00e9o, plongez dans les coulisses de cette collaboration exceptionnelle. <\/p>\n\n\n\n<div class=\"wp-block-columns alignwide is-layout-flex wp-container-core-columns-is-layout-2 wp-block-columns-is-layout-flex\">\n<div class=\"wp-block-column is-layout-flow wp-block-column-is-layout-flow\">\n<figure class=\"has-margin-none wp-block-image size-large\"><img loading=\"lazy\" decoding=\"async\" width=\"1024\" height=\"576\" src=\"https:\/\/hardysindustries.eu\/uploads\/2023\/02\/team_hardys-industries-1024x576.jpg\" alt=\"Team Hardy's Industries\" class=\"wp-image-756\" srcset=\"https:\/\/hardysindustries.eu\/uploads\/2023\/02\/team_hardys-industries-1024x576.jpg 1024w, https:\/\/hardysindustries.eu\/uploads\/2023\/02\/team_hardys-industries-300x169.jpg 300w, https:\/\/hardysindustries.eu\/uploads\/2023\/02\/team_hardys-industries-768x432.jpg 768w, https:\/\/hardysindustries.eu\/uploads\/2023\/02\/team_hardys-industries-1536x864.jpg 1536w, https:\/\/hardysindustries.eu\/uploads\/2023\/02\/team_hardys-industries.jpg 2000w\" sizes=\"(max-width: 1024px) 100vw, 1024px\" \/><\/figure>\n<\/div>\n\n\n\n<div class=\"wp-block-column is-layout-flow wp-block-column-is-layout-flow\"><div class='wp-block-text-container  has-margin-extra-small'>\n<h2 class=\"has-margin-extra-small wp-block-heading\">Une culture d\u2019entreprise ouverte \u00e0 tous<\/h2>\n<\/div>\n\n\n<p class=\"has-margin-none\">Chez Hardy\u2019s Industries, les profils sont tr\u00e8s divers. Au sein d\u2019une fonction, chaque membre de l\u2019\u00e9quipe a ses propres responsabilit\u00e9s. Cela signifie concr\u00e8tement que chacun se montre ouvert aux remarques ou suggestions des autres. <\/p>\n\n\n\n<p>Notre r\u00e9ussite est fond\u00e9e sur l\u2019exp\u00e9rience et le bon sens de chacun de nos collaborateurs, jeune ou exp\u00e9riment\u00e9 et toutes fonctions confondues. <strong>Simplement \u00e9couter<\/strong> les autres a d\u00e9j\u00e0 livr\u00e9 ses fruits \u00e0 de maintes reprises. Pour le r\u00e9sumer en quelques mots : les bonnes id\u00e9es peuvent venir de n\u2019importe o\u00f9, et chacun est disponible pour les autres. Telle est notre devise.<\/p>\n<\/div>\n<\/div>\n\n\n\n<p><\/p>\n\n\n\n<div class=\"has-margin-none wp-block-group alignfull has-secondary-100-background-color has-background\"><div class=\"wp-block-group__inner-container is-layout-flow wp-block-group-is-layout-flow\"><div class='wp-block-text-container alignwide has-margin-extra-small'>\n<h2 class=\"has-margin-extra-small alignwide has-text-align-left is-style-heading-underlined wp-block-heading\">Pourquoi travailler pour nous ?<\/h2>\n<\/div>\n\n<div class=\"wp-blocks-block  alignwide\">\n    <div\n        class=\"grid gap-6 overflow-hidden grid-cols-1 sm:grid-cols-2 md:grid-cols-2 lg:grid-cols-3\"\n    >\n                    <div class=\"min-h-60 p-8 bg-primary-100 border-b-4 border-primary-500\">\n                <div class=\"flex\">\n                    <span class=\"text-primary-500 text-3xl font-bold mr-4\">1<\/span>\n                    <div class=\"text-lg lg:!text-xl pt-1.5 font-bold leading-snug\">La logistique, c\u2019est le pied<\/div>\n                <\/div>\n                <p class=\"whitespace-pre-line !text-sm !leading-loose\">\n                    Nos clients ont des d\u00e9lais tr\u00e8s serr\u00e9s. En logistique, chaque maillon d\u00e9pend des autres, et nous constituons un maillon important. De plus, croyez-nous, il n\u2019y a rien de plus satisfaisant qu\u2019un projet achev\u00e9 dans les d\u00e9lais.\n                <\/p>\n            <\/div>\n                    <div class=\"min-h-60 p-8 bg-primary-100 border-b-4 border-primary-500\">\n                <div class=\"flex\">\n                    <span class=\"text-primary-500 text-3xl font-bold mr-4\">2<\/span>\n                    <div class=\"text-lg lg:!text-xl pt-1.5 font-bold leading-snug\">Des opportunit\u00e9s de croissance interne<\/div>\n                <\/div>\n                <p class=\"whitespace-pre-line !text-sm !leading-loose\">\n                    Chez nous, une personne engag\u00e9e comme monteur et qui n\u2019a pas peur des responsabilit\u00e9s peut devenir Team Leader. Vous vous voyez bien \u00e0 la t\u00eate d\u2019une \u00e9quipe ? Dans ce cas, postulez pour l\u2019une de nos offres d\u2019emploi !\n                <\/p>\n            <\/div>\n                    <div class=\"min-h-60 p-8 bg-primary-100 border-b-4 border-primary-500\">\n                <div class=\"flex\">\n                    <span class=\"text-primary-500 text-3xl font-bold mr-4\">3<\/span>\n                    <div class=\"text-lg lg:!text-xl pt-1.5 font-bold leading-snug\">Un salaire attrayant<\/div>\n                <\/div>\n                <p class=\"whitespace-pre-line !text-sm !leading-loose\">\n                    Tout travailleur engag\u00e9 chez nous b\u00e9n\u00e9ficie de revenus \u00e9quitables, conformes au march\u00e9, et de conditions de travail agr\u00e9ables. Contactez-nous pour de plus amples informations.\n                <\/p>\n            <\/div>\n            <\/div>\n<\/div>\n<\/div><\/div>\n\n\n<div\n    class=\"overflow-hidden wp-block-group is-style-group-graphic has-black-background-color has-background wp-blocks-block  alignfull\"\n    x-data=\"testimonials\"\n    x-intersect.once=\"initializeSlider(5)\"\n    x-cloak\n>\n    <div>\n        <div class=\"flex flex-col sm:flex-row justify-between md:items-end relative z-10 container\">\n            <div class=\"is-style-heading-underlined mr-8 w-4\/5 sm:max-w-sm\">\n                                    <h2 class=\"text-white\">\u00c0 la rencontre de vos futurs coll\u00e8gues<\/h2>\n                            <\/div>\n            <div class=\"flex items-center gap-4 mt-8 md:mt-0\">\n                <button\n    class=\"group flex items-center space-x-6 py-2 sm:py-3 px-6 border leading-none inline-flex items-center justify-center transition-colors duration-200 no-underline bg-transparent !text-white border-white hover:bg-white hover:!text-black px-4 button-style-secondary button-color-white rounded-lg !px-4 !py-3 text-white hover:text-transparent\" x-ref=\"swiper_previous_arrow\"\n\n    \n            type=\"submit\"\n    >\n    \n    <span><svg xmlns=\"http:\/\/www.w3.org\/2000\/svg\" viewBox=\"0 0 448 512\" class=\"svg-inline--fa  far fa-long-arrow-left\" role=\"img\" aria-hidden=\"true\" style=\"color:currentColor\"><!-- Font Awesome Pro 5.15.3 by @fontawesome - https:\/\/fontawesome.com License - https:\/\/fontawesome.com\/license (Commercial License) --><path d=\"M152.485 396.284l19.626-19.626c4.753-4.753 4.675-12.484-.173-17.14L91.22 282H436c6.627 0 12-5.373 12-12v-28c0-6.627-5.373-12-12-12H91.22l80.717-77.518c4.849-4.656 4.927-12.387.173-17.14l-19.626-19.626c-4.686-4.686-12.284-4.686-16.971 0L3.716 247.515c-4.686 4.686-4.686 12.284 0 16.971l131.799 131.799c4.686 4.685 12.284 4.685 16.97-.001z\" fill=\"currentColor\"><\/path><\/svg><\/span>\n\n    <\/button>\n                <button\n    class=\"group flex items-center space-x-6 py-2 sm:py-3 px-6 border leading-none inline-flex items-center justify-center transition-colors duration-200 no-underline bg-transparent !text-white border-white hover:bg-white hover:!text-black px-4 button-style-secondary button-color-white rounded-lg !px-4 !py-3 text-white hover:text-transparent\" x-ref=\"swiper_next_arrow\"\n\n    \n            type=\"submit\"\n    >\n    \n    <span><svg xmlns=\"http:\/\/www.w3.org\/2000\/svg\" viewBox=\"0 0 448 512\" class=\"svg-inline--fa  far fa-long-arrow-right\" role=\"img\" aria-hidden=\"true\" style=\"color:currentColor\"><!-- Font Awesome Pro 5.15.3 by @fontawesome - https:\/\/fontawesome.com License - https:\/\/fontawesome.com\/license (Commercial License) --><path d=\"M295.515 115.716l-19.626 19.626c-4.753 4.753-4.675 12.484.173 17.14L356.78 230H12c-6.627 0-12 5.373-12 12v28c0 6.627 5.373 12 12 12h344.78l-80.717 77.518c-4.849 4.656-4.927 12.387-.173 17.14l19.626 19.626c4.686 4.686 12.284 4.686 16.971 0l131.799-131.799c4.686-4.686 4.686-12.284 0-16.971L312.485 115.716c-4.686-4.686-12.284-4.686-16.97 0z\" fill=\"currentColor\"><\/path><\/svg><\/span>\n\n    <\/button>\n            <\/div>\n        <\/div>\n\n        <div\n            class=\"mt-12 relative z-10 container sm:container-left\"\n        >\n            <div\n                x-ref=\"testimonials_slider\"\n                class=\"overflow-hidden sm:w-12\/10 2xl:w-full\"\n            >\n                <div\n    class=\"swiper-wrapper\"\n>\n    <div\n    class=\"swiper-slide !h-auto border-b-4 border-primary-500 bg-primary-100 shadow-xl p-4 md:p-6 flex flex-col gap-4 drop-shadow-xl\"\n>\n    <img decoding=\"async\"\n            src=\"https:\/\/hardysindustries.eu\/uploads\/2023\/02\/Fatmir.jpg\" alt=\"Fatmir\" srcset=\"https:\/\/hardysindustries.eu\/uploads\/2023\/02\/Fatmir-263x300.jpg 263w, https:\/\/hardysindustries.eu\/uploads\/2023\/02\/Fatmir-899x1024.jpg 899w, https:\/\/hardysindustries.eu\/uploads\/2023\/02\/Fatmir-768x875.jpg 768w, https:\/\/hardysindustries.eu\/uploads\/2023\/02\/Fatmir-1348x1536.jpg 1348w, https:\/\/hardysindustries.eu\/uploads\/2023\/02\/Fatmir.jpg 1500w\" width=\"1500\" height=\"1709\" loading=\"lazy\" class=\"!w-24 !h-24 rounded-full object-center object-cover mb-2 rounded-full bg-white\"\n        >\n\n        \n        \n        \n        \n\n<div>\n                <div class=\"text-sm pt-2 leading-7\">\n            Quand je suis arriv\u00e9 en Belgique en 2006, je ne parlais pas un mot de n\u00e9erlandais. Pourtant, Hardy\u2019s Industries m\u2019a engag\u00e9 comme monteur, et aujourd\u2019hui, je suis Team Leader. Une sacr\u00e9e chance, dont je suis tr\u00e8s reconnaissant !\n        <\/div>\n                <div class=\"text-black font-bold uppercase text-sm mt-8\">Fatmir<\/div>\n                <div class=\"text-primary-500 capitalize text-sm mt-1\">Chef d&#039;\u00e9quipe<\/div>\n    <\/div>\n<\/div>\n                                                    <div\n    class=\"swiper-slide !h-auto border-b-4 border-primary-500 bg-primary-100 shadow-xl p-4 md:p-6 flex flex-col gap-4 drop-shadow-xl\"\n>\n    <img decoding=\"async\"\n            src=\"https:\/\/hardysindustries.eu\/uploads\/2023\/02\/Malory-Hardy.jpg\" alt=\"Malory Hardy\" srcset=\"https:\/\/hardysindustries.eu\/uploads\/2023\/02\/Malory-Hardy-254x300.jpg 254w, https:\/\/hardysindustries.eu\/uploads\/2023\/02\/Malory-Hardy-867x1024.jpg 867w, https:\/\/hardysindustries.eu\/uploads\/2023\/02\/Malory-Hardy-768x907.jpg 768w, https:\/\/hardysindustries.eu\/uploads\/2023\/02\/Malory-Hardy-1300x1536.jpg 1300w, https:\/\/hardysindustries.eu\/uploads\/2023\/02\/Malory-Hardy.jpg 1500w\" width=\"1500\" height=\"1772\" loading=\"lazy\" class=\"!w-24 !h-24 rounded-full object-center object-cover mb-2 rounded-full bg-white\"\n        >\n\n        \n        \n        \n        \n\n<div>\n                <div class=\"text-sm pt-2 leading-7\">\n            Il n\u2019y a pas deux jours qui se ressemblent chez Hardy\u2019s Industries. Les d\u00e9fis sont sans cesse renouvel\u00e9s, ce qui me motive beaucoup. Ne pas savoir ce que la journ\u00e9e me r\u00e9serve m\u2019apporte une dose de stress positif !\n        <\/div>\n                <div class=\"text-black font-bold uppercase text-sm mt-8\">Malory<\/div>\n                <div class=\"text-primary-500 capitalize text-sm mt-1\">Project Coordinator<\/div>\n    <\/div>\n<\/div>\n                                                    <div\n    class=\"swiper-slide !h-auto border-b-4 border-primary-500 bg-primary-100 shadow-xl p-4 md:p-6 flex flex-col gap-4 drop-shadow-xl\"\n>\n    <img decoding=\"async\"\n            src=\"https:\/\/hardysindustries.eu\/uploads\/2023\/02\/David-Coolens.jpg\" alt=\"David Coolens\" srcset=\"https:\/\/hardysindustries.eu\/uploads\/2023\/02\/David-Coolens-246x300.jpg 246w, https:\/\/hardysindustries.eu\/uploads\/2023\/02\/David-Coolens-839x1024.jpg 839w, https:\/\/hardysindustries.eu\/uploads\/2023\/02\/David-Coolens-768x937.jpg 768w, https:\/\/hardysindustries.eu\/uploads\/2023\/02\/David-Coolens-1259x1536.jpg 1259w, https:\/\/hardysindustries.eu\/uploads\/2023\/02\/David-Coolens.jpg 1500w\" width=\"1500\" height=\"1830\" loading=\"lazy\" class=\"!w-24 !h-24 rounded-full object-center object-cover mb-2 rounded-full bg-white\"\n        >\n\n        \n        \n        \n        \n\n<div>\n                <div class=\"text-sm pt-2 leading-7\">\n            Ce qui me donne envie de venir travailler tous les jours ? Ce sont les gens, aussi bien les clients que mes coll\u00e8gues. C\u2019est gr\u00e2ce \u00e0 la m\u00eame vision que partage toute l\u2019\u00e9quipe que Hardy\u2019s Industries s\u2019est forg\u00e9 une belle r\u00e9putation dans ce secteur.\n        <\/div>\n                <div class=\"text-black font-bold uppercase text-sm mt-8\">David<\/div>\n                <div class=\"text-primary-500 capitalize text-sm mt-1\">Project Manager<\/div>\n    <\/div>\n<\/div>\n                                                    <div\n    class=\"swiper-slide !h-auto border-b-4 border-primary-500 bg-primary-100 shadow-xl p-4 md:p-6 flex flex-col gap-4 drop-shadow-xl\"\n>\n    <img decoding=\"async\"\n            src=\"https:\/\/hardysindustries.eu\/uploads\/2023\/02\/Gauthier_Hardy2.jpg\" alt=\"Gauthier Hardy\" srcset=\"https:\/\/hardysindustries.eu\/uploads\/2023\/02\/Gauthier_Hardy2-250x300.jpg 250w, https:\/\/hardysindustries.eu\/uploads\/2023\/02\/Gauthier_Hardy2-855x1024.jpg 855w, https:\/\/hardysindustries.eu\/uploads\/2023\/02\/Gauthier_Hardy2-768x920.jpg 768w, https:\/\/hardysindustries.eu\/uploads\/2023\/02\/Gauthier_Hardy2.jpg 1123w\" width=\"1123\" height=\"1345\" loading=\"lazy\" class=\"!w-24 !h-24 rounded-full object-center object-cover mb-2 rounded-full bg-white\"\n        >\n\n        \n        \n        \n        \n\n<div>\n                <div class=\"text-sm pt-2 leading-7\">\n            Nous sommes, en notre qualit\u00e9 de concepteur et de monteur d\u2019am\u00e9nagements d\u2019entrep\u00f4t, un maillon central de la cha\u00eene logistique d\u2019une entreprise, ce qui nous conf\u00e8re un immense sentiment de responsabilit\u00e9.\n        <\/div>\n                <div class=\"text-black font-bold uppercase text-sm mt-8\">Gauthier<\/div>\n                <div class=\"text-primary-500 capitalize text-sm mt-1\">Project Manager<\/div>\n    <\/div>\n<\/div>\n                                                    <div\n    class=\"swiper-slide !h-auto border-b-4 border-primary-500 bg-primary-100 shadow-xl p-4 md:p-6 flex flex-col gap-4 drop-shadow-xl\"\n>\n    <img decoding=\"async\"\n            src=\"https:\/\/hardysindustries.eu\/uploads\/2023\/02\/Reginald-Hardy-2-scaled.jpg\" alt=\"Reginald Hardy\" srcset=\"https:\/\/hardysindustries.eu\/uploads\/2023\/02\/Reginald-Hardy-2-234x300.jpg 234w, https:\/\/hardysindustries.eu\/uploads\/2023\/02\/Reginald-Hardy-2-799x1024.jpg 799w, https:\/\/hardysindustries.eu\/uploads\/2023\/02\/Reginald-Hardy-2-768x985.jpg 768w, https:\/\/hardysindustries.eu\/uploads\/2023\/02\/Reginald-Hardy-2-1198x1536.jpg 1198w, https:\/\/hardysindustries.eu\/uploads\/2023\/02\/Reginald-Hardy-2-1597x2048.jpg 1597w, https:\/\/hardysindustries.eu\/uploads\/2023\/02\/Reginald-Hardy-2-scaled.jpg 1996w\" width=\"1996\" height=\"2560\" loading=\"lazy\" class=\"!w-24 !h-24 rounded-full object-center object-cover mb-2 rounded-full bg-white\"\n        >\n\n        \n        \n        \n        \n\n<div>\n                <div class=\"text-sm pt-2 leading-7\">\n            \u00c0 chaque projet, l\u2019\u00e9nergie et le dynamisme dont chacun de nos travailleurs fait preuve se traduisent par des solutions pratiques et fut\u00e9es pour nos clients. C\u2019est pr\u00e9cis\u00e9ment ce que nous recherchons !\n        <\/div>\n                <div class=\"text-black font-bold uppercase text-sm mt-8\">Reginald<\/div>\n                <div class=\"text-primary-500 capitalize text-sm mt-1\">Administrateur<\/div>\n    <\/div>\n<\/div>\n<\/div>\n            <\/div>\n        <\/div>\n    <\/div>\n<\/div>\n","protected":false},"excerpt":{"rendered":"<p>Notre collaboration r\u00e9ussie avec le centre de formation ASSIFEP et l\u2019Agence d\u2019int\u00e9rim Groupe Morgan Services L&rsquo;assemblage d&rsquo;\u00e9quipements de rayonnage est un travail qui demande des comp\u00e9tences sp\u00e9cifiques. En France, nous avons travaill\u00e9 en \u00e9troite collaboration avec l&rsquo;ASSIFEP et Groupe Morgan Services pour atteindre des objectifs communs et cr\u00e9er des opportunit\u00e9s de croissance tant pour notre \u00e9quipe que pour nos partenaires. Quelques semaines de formation suffisent pour d\u00e9crocher un contrat \u00e0 dur\u00e9e ind\u00e9termin\u00e9e ! Dans notre derni\u00e8re vid\u00e9o, plongez dans les coulisses de cette collaboration exceptionnelle. Une culture d\u2019entreprise ouverte \u00e0 tous Chez Hardy\u2019s Industries, les profils sont tr\u00e8s divers. Au sein d\u2019une fonction, chaque membre de l\u2019\u00e9quipe a ses propres responsabilit\u00e9s. Cela signifie concr\u00e8tement que chacun se montre ouvert aux remarques ou suggestions des autres. Notre r\u00e9ussite est fond\u00e9e sur l\u2019exp\u00e9rience et le bon sens de chacun de nos collaborateurs, jeune ou exp\u00e9riment\u00e9 et toutes fonctions confondues. Simplement \u00e9couter les autres a d\u00e9j\u00e0 livr\u00e9 ses fruits \u00e0 de maintes reprises. Pour le r\u00e9sumer en quelques mots : les bonnes id\u00e9es peuvent venir de n\u2019importe o\u00f9, et chacun est disponible pour les autres. Telle est notre devise. Pourquoi travailler pour nous ?<\/p>\n","protected":false},"author":1,"featured_media":0,"parent":0,"menu_order":22,"comment_status":"closed","ping_status":"closed","template":"","meta":{"_acf_changed":false,"footnotes":""},"class_list":["post-2445","page","type-page","status-publish","hentry"],"acf":[],"yoast_head":"<!-- This site is optimized with the Yoast SEO plugin v23.3 - https:\/\/yoast.com\/wordpress\/plugins\/seo\/ -->\n<title>Travailler chez Hardy&#039;s Industries - Hardy&#039;s Industries<\/title>\n<meta name=\"robots\" content=\"index, follow, max-snippet:-1, max-image-preview:large, max-video-preview:-1\" \/>\n<link rel=\"canonical\" href=\"https:\/\/hardysindustries.eu\/fr\/travailler-chez-hardys-industries\/\" \/>\n<meta property=\"og:locale\" content=\"fr_FR\" \/>\n<meta property=\"og:type\" content=\"article\" \/>\n<meta property=\"og:title\" content=\"Travailler chez Hardy&#039;s Industries - Hardy&#039;s Industries\" \/>\n<meta property=\"og:description\" content=\"Notre collaboration r\u00e9ussie avec le centre de formation ASSIFEP et l\u2019Agence d\u2019int\u00e9rim Groupe Morgan Services L&rsquo;assemblage d&rsquo;\u00e9quipements de rayonnage est un travail qui demande des comp\u00e9tences sp\u00e9cifiques. En France, nous avons travaill\u00e9 en \u00e9troite collaboration avec l&rsquo;ASSIFEP et Groupe Morgan Services pour atteindre des objectifs communs et cr\u00e9er des opportunit\u00e9s de croissance tant pour notre \u00e9quipe que pour nos partenaires. Quelques semaines de formation suffisent pour d\u00e9crocher un contrat \u00e0 dur\u00e9e ind\u00e9termin\u00e9e ! Dans notre derni\u00e8re vid\u00e9o, plongez dans les coulisses de cette collaboration exceptionnelle. Une culture d\u2019entreprise ouverte \u00e0 tous Chez Hardy\u2019s Industries, les profils sont tr\u00e8s divers. Au sein d\u2019une fonction, chaque membre de l\u2019\u00e9quipe a ses propres responsabilit\u00e9s. Cela signifie concr\u00e8tement que chacun se montre ouvert aux remarques ou suggestions des autres. Notre r\u00e9ussite est fond\u00e9e sur l\u2019exp\u00e9rience et le bon sens de chacun de nos collaborateurs, jeune ou exp\u00e9riment\u00e9 et toutes fonctions confondues. Simplement \u00e9couter les autres a d\u00e9j\u00e0 livr\u00e9 ses fruits \u00e0 de maintes reprises. Pour le r\u00e9sumer en quelques mots : les bonnes id\u00e9es peuvent venir de n\u2019importe o\u00f9, et chacun est disponible pour les autres. Telle est notre devise. Pourquoi travailler pour nous ?\" \/>\n<meta property=\"og:url\" content=\"https:\/\/hardysindustries.eu\/fr\/travailler-chez-hardys-industries\/\" \/>\n<meta property=\"og:site_name\" content=\"Hardy&#039;s Industries\" \/>\n<meta property=\"article:modified_time\" content=\"2024-02-12T13:48:53+00:00\" \/>\n<meta property=\"og:image\" content=\"https:\/\/hardysindustries.eu\/uploads\/2023\/02\/team_hardys-industries-1024x576.jpg\" \/>\n<meta name=\"twitter:card\" content=\"summary_large_image\" \/>\n<meta name=\"twitter:label1\" content=\"Dur\u00e9e de lecture estim\u00e9e\" \/>\n\t<meta name=\"twitter:data1\" content=\"2 minutes\" \/>\n<script type=\"application\/ld+json\" class=\"yoast-schema-graph\">{\"@context\":\"https:\/\/schema.org\",\"@graph\":[{\"@type\":\"WebPage\",\"@id\":\"https:\/\/hardysindustries.eu\/fr\/travailler-chez-hardys-industries\/\",\"url\":\"https:\/\/hardysindustries.eu\/fr\/travailler-chez-hardys-industries\/\",\"name\":\"Travailler chez Hardy's Industries - Hardy&#039;s Industries\",\"isPartOf\":{\"@id\":\"https:\/\/hardysindustries.eu\/fr\/#website\"},\"primaryImageOfPage\":{\"@id\":\"https:\/\/hardysindustries.eu\/fr\/travailler-chez-hardys-industries\/#primaryimage\"},\"image\":{\"@id\":\"https:\/\/hardysindustries.eu\/fr\/travailler-chez-hardys-industries\/#primaryimage\"},\"thumbnailUrl\":\"https:\/\/hardysindustries.eu\/uploads\/2023\/02\/team_hardys-industries-1024x576.jpg\",\"datePublished\":\"2023-01-24T10:11:13+00:00\",\"dateModified\":\"2024-02-12T13:48:53+00:00\",\"breadcrumb\":{\"@id\":\"https:\/\/hardysindustries.eu\/fr\/travailler-chez-hardys-industries\/#breadcrumb\"},\"inLanguage\":\"fr-FR\",\"potentialAction\":[{\"@type\":\"ReadAction\",\"target\":[\"https:\/\/hardysindustries.eu\/fr\/travailler-chez-hardys-industries\/\"]}]},{\"@type\":\"ImageObject\",\"inLanguage\":\"fr-FR\",\"@id\":\"https:\/\/hardysindustries.eu\/fr\/travailler-chez-hardys-industries\/#primaryimage\",\"url\":\"https:\/\/hardysindustries.eu\/uploads\/2023\/02\/team_hardys-industries-1024x576.jpg\",\"contentUrl\":\"https:\/\/hardysindustries.eu\/uploads\/2023\/02\/team_hardys-industries-1024x576.jpg\"},{\"@type\":\"BreadcrumbList\",\"@id\":\"https:\/\/hardysindustries.eu\/fr\/travailler-chez-hardys-industries\/#breadcrumb\",\"itemListElement\":[{\"@type\":\"ListItem\",\"position\":1,\"name\":\"Home\",\"item\":\"https:\/\/hardysindustries.eu\/fr\/\"},{\"@type\":\"ListItem\",\"position\":2,\"name\":\"Travailler chez Hardy&#8217;s Industries\"}]},{\"@type\":\"WebSite\",\"@id\":\"https:\/\/hardysindustries.eu\/fr\/#website\",\"url\":\"https:\/\/hardysindustries.eu\/fr\/\",\"name\":\"Hardy&#039;s Industries\",\"description\":\"Your partner in logistic projects\",\"potentialAction\":[{\"@type\":\"SearchAction\",\"target\":{\"@type\":\"EntryPoint\",\"urlTemplate\":\"https:\/\/hardysindustries.eu\/fr\/?s={search_term_string}\"},\"query-input\":\"required name=search_term_string\"}],\"inLanguage\":\"fr-FR\"}]}<\/script>\n<!-- \/ Yoast SEO plugin. -->","yoast_head_json":{"title":"Travailler chez Hardy's Industries - Hardy&#039;s Industries","robots":{"index":"index","follow":"follow","max-snippet":"max-snippet:-1","max-image-preview":"max-image-preview:large","max-video-preview":"max-video-preview:-1"},"canonical":"https:\/\/hardysindustries.eu\/fr\/travailler-chez-hardys-industries\/","og_locale":"fr_FR","og_type":"article","og_title":"Travailler chez Hardy's Industries - Hardy&#039;s Industries","og_description":"Notre collaboration r\u00e9ussie avec le centre de formation ASSIFEP et l\u2019Agence d\u2019int\u00e9rim Groupe Morgan Services L&rsquo;assemblage d&rsquo;\u00e9quipements de rayonnage est un travail qui demande des comp\u00e9tences sp\u00e9cifiques. En France, nous avons travaill\u00e9 en \u00e9troite collaboration avec l&rsquo;ASSIFEP et Groupe Morgan Services pour atteindre des objectifs communs et cr\u00e9er des opportunit\u00e9s de croissance tant pour notre \u00e9quipe que pour nos partenaires. Quelques semaines de formation suffisent pour d\u00e9crocher un contrat \u00e0 dur\u00e9e ind\u00e9termin\u00e9e ! Dans notre derni\u00e8re vid\u00e9o, plongez dans les coulisses de cette collaboration exceptionnelle. Une culture d\u2019entreprise ouverte \u00e0 tous Chez Hardy\u2019s Industries, les profils sont tr\u00e8s divers. Au sein d\u2019une fonction, chaque membre de l\u2019\u00e9quipe a ses propres responsabilit\u00e9s. Cela signifie concr\u00e8tement que chacun se montre ouvert aux remarques ou suggestions des autres. Notre r\u00e9ussite est fond\u00e9e sur l\u2019exp\u00e9rience et le bon sens de chacun de nos collaborateurs, jeune ou exp\u00e9riment\u00e9 et toutes fonctions confondues. Simplement \u00e9couter les autres a d\u00e9j\u00e0 livr\u00e9 ses fruits \u00e0 de maintes reprises. Pour le r\u00e9sumer en quelques mots : les bonnes id\u00e9es peuvent venir de n\u2019importe o\u00f9, et chacun est disponible pour les autres. Telle est notre devise. Pourquoi travailler pour nous ?","og_url":"https:\/\/hardysindustries.eu\/fr\/travailler-chez-hardys-industries\/","og_site_name":"Hardy&#039;s Industries","article_modified_time":"2024-02-12T13:48:53+00:00","og_image":[{"url":"https:\/\/hardysindustries.eu\/uploads\/2023\/02\/team_hardys-industries-1024x576.jpg"}],"twitter_card":"summary_large_image","twitter_misc":{"Dur\u00e9e de lecture estim\u00e9e":"2 minutes"},"schema":{"@context":"https:\/\/schema.org","@graph":[{"@type":"WebPage","@id":"https:\/\/hardysindustries.eu\/fr\/travailler-chez-hardys-industries\/","url":"https:\/\/hardysindustries.eu\/fr\/travailler-chez-hardys-industries\/","name":"Travailler chez Hardy's Industries - Hardy&#039;s Industries","isPartOf":{"@id":"https:\/\/hardysindustries.eu\/fr\/#website"},"primaryImageOfPage":{"@id":"https:\/\/hardysindustries.eu\/fr\/travailler-chez-hardys-industries\/#primaryimage"},"image":{"@id":"https:\/\/hardysindustries.eu\/fr\/travailler-chez-hardys-industries\/#primaryimage"},"thumbnailUrl":"https:\/\/hardysindustries.eu\/uploads\/2023\/02\/team_hardys-industries-1024x576.jpg","datePublished":"2023-01-24T10:11:13+00:00","dateModified":"2024-02-12T13:48:53+00:00","breadcrumb":{"@id":"https:\/\/hardysindustries.eu\/fr\/travailler-chez-hardys-industries\/#breadcrumb"},"inLanguage":"fr-FR","potentialAction":[{"@type":"ReadAction","target":["https:\/\/hardysindustries.eu\/fr\/travailler-chez-hardys-industries\/"]}]},{"@type":"ImageObject","inLanguage":"fr-FR","@id":"https:\/\/hardysindustries.eu\/fr\/travailler-chez-hardys-industries\/#primaryimage","url":"https:\/\/hardysindustries.eu\/uploads\/2023\/02\/team_hardys-industries-1024x576.jpg","contentUrl":"https:\/\/hardysindustries.eu\/uploads\/2023\/02\/team_hardys-industries-1024x576.jpg"},{"@type":"BreadcrumbList","@id":"https:\/\/hardysindustries.eu\/fr\/travailler-chez-hardys-industries\/#breadcrumb","itemListElement":[{"@type":"ListItem","position":1,"name":"Home","item":"https:\/\/hardysindustries.eu\/fr\/"},{"@type":"ListItem","position":2,"name":"Travailler chez Hardy&#8217;s Industries"}]},{"@type":"WebSite","@id":"https:\/\/hardysindustries.eu\/fr\/#website","url":"https:\/\/hardysindustries.eu\/fr\/","name":"Hardy&#039;s Industries","description":"Your partner in logistic projects","potentialAction":[{"@type":"SearchAction","target":{"@type":"EntryPoint","urlTemplate":"https:\/\/hardysindustries.eu\/fr\/?s={search_term_string}"},"query-input":"required name=search_term_string"}],"inLanguage":"fr-FR"}]}},"_links":{"self":[{"href":"https:\/\/hardysindustries.eu\/fr\/wp-json\/wp\/v2\/pages\/2445"}],"collection":[{"href":"https:\/\/hardysindustries.eu\/fr\/wp-json\/wp\/v2\/pages"}],"about":[{"href":"https:\/\/hardysindustries.eu\/fr\/wp-json\/wp\/v2\/types\/page"}],"author":[{"embeddable":true,"href":"https:\/\/hardysindustries.eu\/fr\/wp-json\/wp\/v2\/users\/1"}],"replies":[{"embeddable":true,"href":"https:\/\/hardysindustries.eu\/fr\/wp-json\/wp\/v2\/comments?post=2445"}],"version-history":[{"count":2,"href":"https:\/\/hardysindustries.eu\/fr\/wp-json\/wp\/v2\/pages\/2445\/revisions"}],"predecessor-version":[{"id":3076,"href":"https:\/\/hardysindustries.eu\/fr\/wp-json\/wp\/v2\/pages\/2445\/revisions\/3076"}],"wp:attachment":[{"href":"https:\/\/hardysindustries.eu\/fr\/wp-json\/wp\/v2\/media?parent=2445"}],"curies":[{"name":"wp","href":"https:\/\/api.w.org\/{rel}","templated":true}]}}